{"id":4339,"date":"2010-08-15T17:14:46","date_gmt":"2010-08-15T17:14:46","guid":{"rendered":"http:\/\/bloggen.fi\/skruttet\/?page_id=2"},"modified":"2016-11-20T09:18:15","modified_gmt":"2016-11-20T07:18:15","slug":"om","status":"publish","type":"page","link":"https:\/\/blog.skruttet.com\/?page_id=4339","title":{"rendered":"Om Skruttet"},"content":{"rendered":"<p><img loading=\"lazy\" class=\"alignright size-full wp-image-2008\" src=\"http:\/\/www.skruttet.com\/blog\/wp-content\/uploads\/2010\/08\/211867_673753247_6702209_n.jpg\" alt=\"\" width=\"180\" height=\"183\" \/>Hej och varmt v\u00e4lkommen till Livet i \u00c4nglag\u00e5rden!<br \/>\nVad trevlig att just du kikar in \ud83d\ude42<\/p>\n<p>Jag som huserar h\u00e4r heter Ann-Sofi.<br \/>\nMen kallar mig Skruttet n\u00e4r jag skriver.<br \/>\nVad bloggar jag d\u00e5 om?<\/p>\n<p>Ja, allt mellan himmel och jord!<\/p>\n<p>Grundtanken fr\u00e5n b\u00f6rjan (\u00e5r 2006) var att skrivandet h\u00e4r skulle fungera som en ventil. Som en plats f\u00f6r mig att l\u00e4ra mig hantera sm\u00e4rta p\u00e5. Och samtidigt l\u00e4t\/l\u00e5ter jag den fungera som en kanal f\u00f6r \u00f6kad kunskap om hur livet med den dolda kvinnosjukdomen Endometrios <span style=\"text-decoration: underline;\"><em>kan<\/em> <\/span>se ut.<br \/>\nGrundtanken \u00e4r n\u00e5got jag valt att h\u00e5lla kvar. \u00a0S\u00e5 under perioder d\u00e5 sm\u00e4rtan (draken) g\u00e4star s\u00e5 dominerar ord om sm\u00e4rtupplevelserna h\u00e4r \u00e4n i dag.<\/p>\n<p>Men orden om den sm\u00e4rtande draken \u00e4r bara en liten del.<br \/>\nLivet och bloggen\u00a0handlar om s\u00e5 mycket mer! S\u00e5 som sk\u00f6n vardag, inredning.<br \/>\nI band inneh\u00e5ller ordfl\u00f6det\u00a0<a href=\"http:\/\/www.skruttet.com\/?cat=14\" target=\"_blank\">djupa tankar<\/a> eller \u00a0<a href=\"http:\/\/www.skruttet.com\/?cat=18\" target=\"_blank\">test<\/a> och <a href=\"http:\/\/www.skruttet.com\/?cat=12\" target=\"_blank\">tips<\/a>.<br \/>\nD\u00e5 och d\u00e5 kan det \u00e4ven dyka upp <a href=\"http:\/\/www.skruttet.com\/?cat=23\" target=\"_blank\">enkla recept p\u00e5 n\u00e5got gott.<\/a><\/p>\n<p><a href=\"http:\/\/www.skruttet.com\/?attachment_id=5734\" rel=\"attachment wp-att-5734\"><img loading=\"lazy\" class=\"alignright size-full wp-image-5734\" src=\"http:\/\/www.skruttet.com\/blog\/wp-content\/uploads\/2010\/08\/jag-bloggar-om-endo246x300.jpg\" alt=\"jag-bloggar-om endo246x300\" width=\"246\" height=\"300\" \/><\/a>Till f\u00f6ljd av endometriosen \u00e4r vi i dagsl\u00e4get <a href=\"http:\/\/www.skruttet.com\/?cat=21\" target=\"_blank\">ofrivilligt barnl\u00f6sa. <\/a>H\u00e4r finns ord skrivna om tiden d\u00e5 vi f\u00e5 f\u00f6rs\u00f6kte ut\u00f6ka familjen genom Adoption. Med ett avslag som resultat. S\u00e5 f\u00f6ljaktligen finns ocks\u00e5 tankar och n\u00e5gra dikter skrivna om tankar n\u00e4r avslaget kom. Du kan f\u00f6lja ber\u00e4ttelsen om v\u00e4gen genom processen i kategorin: <a href=\"http:\/\/www.skruttet.com\/?cat=3\">Adoption \u2013 den lilla handens resa.<\/a><\/p>\n<p>Jag passioneras av skriva &#8211; eller att leka med ord -som jag kallar det.\u00a0Passionen f\u00f6r ordleken har blivit till en <a href=\"http:\/\/www.skruttet.com\/?page_id=4538\">bok om Endometrios<\/a><\/p>\n<p>\u00c4r barnsligt f\u00f6rtjust i att testa nya saker och dr\u00f6mmer om ett framtida arbete d\u00e4r jag kombinerar test av olika produkter eller tj\u00e4nster med ordleken.<\/p>\n<p>Jag gillar filmerna om Martin Beck, kommissarie Winter\u00a0 och Kurt Wallander.<br \/>\nAll\u00e4tare. \u00a0Det \u00e4r jag, \u00e5tminstone n\u00e4r det r\u00f6r musik.<br \/>\n\u00c4lskar ljus av alla former och anser att: Finns det ett ljus p\u00e5 bordet ska det vara t\u00e4nt!<br \/>\nLedig tid best\u00e5r ofta av att umg\u00e5s med v\u00e4nner och familj, att skriva och att njuta av livet. D\u00e5 m\u00f6jlighet ges g\u00e5r jag g\u00e4rna p\u00e5 teater\/revy eller konsert.<\/p>\n<p>Jag har diagnostiserad Dyslexi, vilket inneb\u00e4r l\u00e4s- och skrivsv\u00e5righeter. Men genom att blogga har dessa f\u00f6rb\u00e4ttrats avsev\u00e4rt. Och i november 2012 beslutade jag mig f\u00f6r att b\u00f6rja skriva h\u00e4r, p\u00e5 egen dom\u00e4n.<\/p>\n<p>Ja just det\u2026 Gl\u00f6mde n\u00e4stan n\u00e4mna att jag\u00a0g\u00e5r p\u00e5 kryckor. Har\u00a0en medf\u00f6dd cp-skada.<br \/>\nN\u00e5got som kan anses mindre viktigt egentligen \u2013 f\u00f6r jag \u00c4R ju inte mitt handikapp! \ud83d\ude09<br \/>\nI bloggen kan du ocks\u00e5 l\u00e4sa om <a href=\"http:\/\/www.skruttet.com\/?cat=13\" target=\"_blank\">\u00e5terh\u00e4mtning\/tr\u00e4ning och rehabilitering<\/a>\u00a0efter tv\u00e5 st\u00f6rre fotoperationer och andra utmaningar som livet med en funktionsneds\u00e4ttning ger.<br \/>\nJag hoppas du f\u00e5r en trevlig stund tillsammans med mig p\u00e5 min blogg &#8211; d\u00e4r jag anv\u00e4nder mig av googlade bilder &#8211; mestadels.<br \/>\n<strong><br \/>\nNotera detta:<br \/>\nJag ber dig, fina \u00c4ngel som l\u00e4ser min blogg att genomg\u00e5ende minnas att det \u00e4r mina upplevelser, k\u00e4nslor, tankar och funderingar som \u00e5terspeglas och f\u00e5r utrymme h\u00e4r! Vill varken svartm\u00e5la eller helgonf\u00f6rklara n\u00e5gon. Alla m\u00e4nniskor \u00e4r \u00c4nglar h\u00e4r, dvs de n\u00e4mns inte vid namn \u2013 och \u00c4nglar ska de f\u00f6rbli.\u00a0V\u00e4nligen Respektera det, Tack!<\/strong><\/p>\n<p>\u00c4nglakramar och v\u00e4lkommen att <a href=\"http:\/\/www.bloglovin.com\/en\/blog\/4415665\" target=\"_blank\">f\u00f6lja mig p\u00e5 Bloglovin\u00a0<\/a>\ud83d\ude42<\/p>\n<p>&nbsp;<\/p>\n","protected":false},"excerpt":{"rendered":"<p>Hej och varmt v\u00e4lkommen till Livet i \u00c4nglag\u00e5rden! Vad trevlig att just du kikar in \ud83d\ude42 Jag som huserar h\u00e4r heter Ann-Sofi. Men kallar mig Skruttet n\u00e4r jag skriver. Vad bloggar jag d\u00e5 om? Ja, allt mellan himmel och jord! &hellip; <a href=\"https:\/\/blog.skruttet.com\/?page_id=4339\">Forts\u00e4tt l\u00e4sa <span class=\"meta-nav\">&rarr;<\/span><\/a><\/p>\n","protected":false},"author":1,"featured_media":0,"parent":0,"menu_order":0,"comment_status":"closed","ping_status":"closed","template":"","meta":[],"_links":{"self":[{"href":"https:\/\/blog.skruttet.com\/index.php?rest_route=\/wp\/v2\/pages\/4339"}],"collection":[{"href":"https:\/\/blog.skruttet.com\/index.php?rest_route=\/wp\/v2\/pages"}],"about":[{"href":"https:\/\/blog.skruttet.com\/index.php?rest_route=\/wp\/v2\/types\/page"}],"author":[{"embeddable":true,"href":"https:\/\/blog.skruttet.com\/index.php?rest_route=\/wp\/v2\/users\/1"}],"replies":[{"embeddable":true,"href":"https:\/\/blog.skruttet.com\/index.php?rest_route=%2Fwp%2Fv2%2Fcomments&post=4339"}],"version-history":[{"count":41,"href":"https:\/\/blog.skruttet.com\/index.php?rest_route=\/wp\/v2\/pages\/4339\/revisions"}],"predecessor-version":[{"id":6415,"href":"https:\/\/blog.skruttet.com\/index.php?rest_route=\/wp\/v2\/pages\/4339\/revisions\/6415"}],"wp:attachment":[{"href":"https:\/\/blog.skruttet.com\/index.php?rest_route=%2Fwp%2Fv2%2Fmedia&parent=4339"}],"curies":[{"name":"wp","href":"https:\/\/api.w.org\/{rel}","templated":true}]}}